{"id":18202,"date":"2017-05-17T21:48:08","date_gmt":"2017-05-17T21:48:08","guid":{"rendered":"https:\/\/adners.de\/?page_id=18202"},"modified":"2026-04-17T20:42:22","modified_gmt":"2026-04-17T18:42:22","slug":"wellnesswochen","status":"publish","type":"page","link":"https:\/\/adners.de\/?page_id=18202","title":{"rendered":"Wellnesswochen M\u00e4rz und April"},"content":{"rendered":"<section><div class=\"container\"><div class=\"row\"><div class=\"wpb_column hcode-column-container  col-xs-mobile-fullwidth\" data-front-class=\"col-xs-mobile-fullwidth front-column-class\"><div class=\"vc-column-innner-wrapper\"><h2 class=\"section-title hcode-heading-1 sm-no-margin xs-no-margin black-text\">Wellnesswochen<\/h2><h1><span style=\"color: #008000;\"><strong>Angebote im M\u00e4rz und April<\/strong><\/span><\/h1>\n<h1><span style=\"color: #008000;\"><img class=\"size-thumbnail wp-image-19230 alignnone\" src=\"https:\/\/adners.de\/wp-content\/uploads\/2018\/09\/Wellness2300x-150x150.jpg\" alt=\"\" width=\"150\" height=\"150\" \/><img class=\"size-thumbnail wp-image-19412 alignnone\" src=\"https:\/\/adners.de\/wp-content\/uploads\/2018\/11\/Sauna-Web-3-150x150.jpg\" alt=\"\" width=\"150\" height=\"150\" \/><img class=\"size-thumbnail wp-image-19180 alignnone\" src=\"https:\/\/adners.de\/wp-content\/uploads\/2018\/09\/sauna2_300x-150x150.jpg\" alt=\"\" width=\"150\" height=\"150\" \/><strong><img class=\"size-thumbnail wp-image-19149 alignnone\" src=\"https:\/\/adners.de\/wp-content\/uploads\/2018\/09\/Massage1300x-150x150.jpg\" alt=\"\" width=\"150\" height=\"150\" \/><\/strong><\/span><\/h1>\n<p align=\"left\"><span style=\"color: #008000;\"><!--MBNHE--><\/span><\/p>\n<p><span style=\"color: #008000;\"><strong>Genie\u00dfen Sie unsere Schnuppern\u00e4chte oder unser Fr\u00fchlingsangebot<br \/>\nund buchen Sie sich individuell nach Ihren Bed\u00fcrfnissen eines unser Zusatzpakete hinzu.<br \/>\n<\/strong><strong>\u00dcber Ostern verw\u00f6hnen wir Sie mit einem umfangreichen Osterspecial<br \/>\nwelches keine W\u00fcnsche offen l\u00e4sst.<\/strong><\/span><\/p>\n<div class=\"\" dir=\"auto\">\n<div id=\"jsc_c_15q\" class=\"ecm0bbzt hv4rvrfc ihqw7lf3 dati1w0a\" data-ad-comet-preview=\"message\" data-ad-preview=\"message\">\n<div class=\"j83agx80 cbu4d94t ew0dbk1b irj2b8pg\">\n<div class=\"qzhwtbm6 knvmm38d\">\n<p><span style=\"color: #008000;\"><b><span style=\"font-size: 24pt;\">LASTMINUTE ANGEBOTE<\/span><br \/>\n<\/b><\/span><span style=\"font-size: 18pt; color: #008000;\"><strong><b>Lastminute und Fr\u00fchlingsspecials<br \/>\nmit 1 Gratis Urlaubstag f\u00fcr Sie!<br \/>\n<del>7 N\u00e4chte zum Preis v<\/del><\/b><del><b>on 6 buchbar!<br \/>\n<span style=\"font-size: 10pt;\">==&gt; im Moment noch wenige freie Anreisetermine: 8. \/ 12.\/ 25. oder 26. April<\/span><br \/>\n<\/b><b>6 N\u00e4chte zum Preis v<\/b><\/del><b><del>on 5 buchbar!<\/del><br \/>\n<del><span style=\"font-size: 10pt;\">==&gt; im Moment noch wenige freie Anreisetermine: 8. \/ 12.\/ 25. oder 26. April<\/span><\/del><br \/>\n4 N\u00e4chte zum Preis von 3 buchbar!<br \/>\n<\/b><\/strong><\/span><span style=\"color: #008000; font-size: 10pt;\"><strong><b>==&gt;im Moment noch wenige freie Anreisetermine: <del>8. \/ 12.\/ 16. \/ 25. \/ 26. oder<\/del> 27. April<\/b><\/strong><\/span><\/p>\n<p><a href=\"https:\/\/adners.de\/files\/flyer_aktuell\/Adners Gasthof und Hotel im Erzgebirge Wellnessangebote M\u00e4rz und April Lastminute Angebote 2026.pdf\"><img class=\"\" src=\"https:\/\/adners.de\/files\/flyer_aktuell\/Adners%20Gasthof%20und%20Hotel%20im%20Erzgebirge%20Wellnessangebote%20M%C3%A4rz%20und%20April%20Lastminute%204%20N%C3%A4chte%20zum%20Preis%20von%203%20N%C3%A4chten%20Angebote%202026.jpg\" alt=\"\" width=\"901\" height=\"739\" \/><\/a><\/p>\n<p><a href=\"https:\/\/adners.de\/files\/flyer_aktuell\/Adners Gasthof und Hotel im Erzgebirge Wellnessangebote M\u00e4rz und April Lastminute Angebote 2026.pdf\"><img class=\"\" src=\"https:\/\/adners.de\/files\/flyer_aktuell\/Adners%20Gasthof%20und%20Hotel%20im%20Erzgebirge%20Wellnessangebote%20M%C3%A4rz%20und%20April%20Lastminute%206%20N%C3%A4chte%20zum%20Preis%20von%205%20N%C3%A4chten%20Angebote%202026.jpg\" alt=\"\" width=\"900\" height=\"659\" \/><\/a><\/p>\n<\/div>\n<\/div>\n<\/div>\n<\/div>\n<p>&nbsp;<\/p>\n<p><strong>\u00a0<\/strong><\/p>\n<p><strong>Buchen Sie sich w\u00e4hrend der Reservierung Ihr Zusatzpaket nach Ihren W\u00fcnschen zu.<\/strong><\/p>\n<div><span style=\"font-size: 12pt; background-color: #ff9900;\"><strong><em><a href=\"https:\/\/adners.de\/files\/flyer_aktuell\/03_Adners_Gasthof_und_Hotel_Breitenbrunn_im_Erzgebirge_Maerz_April_Angebot.pdf\" target=\"_blank\" rel=\"noopener noreferrer\">(PDF \u00f6ffnet sich bei Klick auf die Bilder)<\/a><\/em><\/strong><\/span><\/div>\n<div>\n<div>\n<div><a href=\"https:\/\/adners.de\/files\/flyer_aktuell\/Adners_Gasthof_und_Hotel_Breitenbrunn_im_Erzgebirge_Jahresangebot_Winterurlaub_Wellnesswoche_Fruelingswoche_Stollenbacken_Geniesserwoche_Pfingsten_Sommerurlaub_Goldener_Herbst_Adventsurlaub_Weihnachten.pdf\" target=\"_blank\" rel=\"noopener noreferrer\"><img class=\"alignnone\" src=\"https:\/\/adners.de\/files\/flyer_aktuell\/Adners_Gasthof_und_Hotel_Breitenbrunn_im_Erzgebirge_Jahresangebot_Winterurlaub_Wellnesswoche_Fruelingswoche_Stollenbacken_Geniesserwoche_Pfingsten_Sommerurlaub_Goldener_Herbst_Adventsurlaub_Weihnachten.jpg\" width=\"900\" height=\"345\" \/><\/a><\/div>\n<\/div>\n<\/div>\n<div>\n<div><\/div>\n<div><a href=\"https:\/\/adners.onlineres.de\" target=\"_blank\" rel=\"noopener noreferrer\"><img src=\"https:\/\/adners.de\/files\/flyer_aktuell\/Online_Vefuegbarkeit_Adners_Gasthof_und_Hotel_im_Erzgebirge_pr\u00fcfen_web.jpg\" alt=\"\" width=\"400\" height=\"203\" \/><\/a><\/div>\n<\/div>\n<div><\/div>\n<div>\n<p><span style=\"font-family: book antiqua, palatino, serif;\"><strong><span style=\"font-size: 16pt; font-family: georgia, palatino, serif;\">Fr\u00fchlings Angebote ab 3 N\u00e4chten<\/span><\/strong><\/span><\/p>\n<p><span style=\"font-family: georgia, palatino, serif;\"><strong><span style=\"font-size: 10pt;\">klicken Sie auf die einzelnen Angebote und buchen Sie Ihren Fr\u00fchlingsurlaub direkt bei uns. <\/span><\/strong><\/span><br \/>\n<span style=\"font-family: georgia, palatino, serif;\"><strong><span style=\"font-size: 10pt;\">Sie landen bei einem Anreisedatum des jeweiligen Angebotes f\u00fcr 2 Personen. <\/span><\/strong><\/span><br \/>\n<strong><span style=\"font-size: 10pt; font-family: georgia, palatino, serif;\">Sie k\u00f6nnen dann aber nach Belieben \u00c4nderungen der Anzahl der Zimmer, Personen oder Anreisedaten vornehmen.<\/span><span style=\"font-size: 10pt;\"><br \/>\n<span style=\"font-family: georgia, palatino, serif;\">F\u00fcr jedes Online gebuchte Zimmer erhalten Sie <span style=\"font-size: 16pt;\">10<\/span>\u20ac Rabatt schon w\u00e4hrend der Buchung.<\/span><\/span><\/strong><\/p>\n<\/div>\n<h1><span style=\"text-decoration: underline; font-size: 26pt;\"><strong>Angebote \u00fcber Ostern<br \/>\n<\/strong><\/span><\/h1>\n<h1><strong><span style=\"text-decoration: underline;\">4 N\u00e4chte Osterspezial<\/span> vom 2. bis 6.4.26 oder<br \/>\n5<span style=\"text-decoration: underline;\"> bis 7 N\u00e4chte \u00fcber Ostern<\/span> oder<br \/>\n<\/strong><strong><span style=\"text-decoration: underline;\">9 N\u00e4chte Osterspezial XXL<\/span><br \/>\nvom 28.3. bis 6.4.26 oder\u00a0<\/strong><strong>vom 2.4. bis 11.4.26<\/strong><\/h1>\n<p>&nbsp;<\/p>\n<p><a href=\"https:\/\/adners.onlineres.de\/entry?ar=2025-04-17&amp;dp=2025-04-21\"><img class=\" wp-image-20918 alignnone\" src=\"https:\/\/adners.de\/wp-content\/uploads\/2025\/01\/Osterspecial-4N.jpg\" alt=\"\" width=\"196\" height=\"350\" \/><\/a>\u00a0 <a href=\"https:\/\/adners.onlineres.de\/entry?ar=2025-04-12&amp;dp=2025-04-21\"><img class=\" wp-image-20917 alignnone\" src=\"https:\/\/adners.de\/files\/flyer_aktuell\/Ostern XXL.jpg\" width=\"777\" height=\"343\" \/><\/a><\/p>\n<div>\n<blockquote>\n<p style=\"text-align: left;\"><span style=\"font-family: georgia, palatino, serif; font-size: 12pt;\"><strong><u>W\u00f6chentlich enthalten je nach L\u00e4nge Ihres Aufenthaltes<br \/>\na<\/u><\/strong><strong><u>ber auch in unseren Angeboten zum Schnuppern:<\/u><\/strong><\/span><\/p>\n<p style=\"text-align: left;\"><span style=\"font-family: georgia, palatino, serif; font-size: 12pt;\"><strong>Lassen Sie sich unterhalten<br \/>\n<\/strong>mit einem Live-Erzgebirgsabend, Tanzabend,<\/span><br \/>\n<span style=\"font-family: georgia, palatino, serif; font-size: 12pt;\">gef\u00fchrte Wanderung mit Picknick, Bowlingnachmittag etc\u2026<\/span><\/p>\n<p style=\"text-align: left;\"><span style=\"font-family: georgia, palatino, serif; font-size: 12pt;\"><strong>lassen Sie sich von uns kulinarisch verw\u00f6hnen mit Halbpension<br \/>\n<\/strong>bestehend aus\u00a0 <strong>gro\u00dfem Fr\u00fchst\u00fccksb\u00fcffet<\/strong> mit t\u00e4glichen\u00a0 Warmanteil, Kalten Platten,<\/span><br \/>\n<span style=\"font-family: georgia, palatino, serif; font-size: 12pt;\">s\u00fc\u00dfer Ecke,\u00a0 M\u00fcsli und Cerealien, Joghurt und\u00a0 frischem Obst.<\/span><br \/>\n<span style=\"font-family: georgia, palatino, serif; font-size: 12pt;\">Nachmittags 1 x\u00a0 mit frischem\u00a0 hausgebackenen\u00a0 Kuchen und Torten,<\/span><br \/>\n<span style=\"font-family: georgia, palatino, serif; font-size: 12pt;\"><strong>Abendessen \u201e\u00e0 la carte\u201c\u00a0 aus unserer\u00a0 kompletten aktuellen Speisekarte<br \/>\n<\/strong><strong>mit der <u>Extra-Fr\u00fchlingskarte<\/u><\/strong><strong>und t\u00e4glichem Salat - B\u00fcffet<br \/>\n<\/strong>(w\u00f6chtl. 1x warmes a la Carte B\u00fcffet\u00a0 +\u00a0 1x Rustikales B\u00fcffet).<\/span><\/p>\n<p style=\"text-align: left;\"><span style=\"font-family: georgia, palatino, serif; font-size: 12pt;\"><strong>Gratis Nutzung der Sauna (14-21Uhr) <\/strong><strong>und des Fitnessraumes.<\/strong><\/span><\/p>\n<p style=\"text-align: left;\"><span style=\"font-family: georgia, palatino, serif; font-size: 12pt;\"><strong>F\u00fcr die Kleinen wie die Gro\u00dfen<br \/>\n<\/strong>Spielzimmer mit Billard, Kicker und Air-hockey.<\/span><br \/>\n<span style=\"font-family: georgia, palatino, serif; font-size: 12pt;\">Jede Menge Spiele und Kinderspielecke im Haus.<\/span><br \/>\n<span style=\"font-family: georgia, palatino, serif; font-size: 12pt;\">Kinderspielplatz mit Sandkasten,Baumhaus, Rutsche, Schaukel, Trampolin, Tischtennisplatte \u00a0im\u00a0 Garten<strong>.<\/strong><\/span><\/p>\n<p style=\"text-align: left;\"><span style=\"font-family: georgia, palatino, serif; font-size: 12pt;\"><strong>F\u00fcr die junge Familie<\/strong><\/span><br \/>\n<span style=\"font-family: georgia, palatino, serif; font-size: 12pt;\">das f\u00fcr Babys und Kleinkinder notwendige Zubeh\u00f6r \ud83d\ude42 haben wir hier im Haus,<\/span><br \/>\n<span style=\"font-family: georgia, palatino, serif; font-size: 12pt;\">von Babyphon, Babyw\u00e4rmer, Wasserkocher \u00fcber Kinderbettchen und Wickelauflage.:-).<\/span><\/p>\n<\/blockquote>\n<\/div>\n<div>\n<div>\n<blockquote>\n<p style=\"text-align: left;\"><span style=\"font-family: georgia, palatino, serif; font-size: 12pt;\"><strong>Entspannen Sie sich in unserer<\/strong><\/span><br \/>\n<span style=\"font-family: georgia, palatino, serif; font-size: 12pt;\">kleinen Leseecke mit kleinem Buchvorrat, Tageszeitungen, Journalen,<\/span><br \/>\n<span style=\"font-family: georgia, palatino, serif; font-size: 12pt;\">Internetrechner im Hotelrestaurant und freiem W-Lan in allen Bereichen des Hauses<\/span><\/p>\n<\/blockquote>\n<div style=\"text-align: left;\"><\/div>\n<div style=\"text-align: left;\"><\/div>\n<\/div>\n<\/div>\n<div><\/div>\n<p>&nbsp;<\/p>\n<p><span style=\"font-size: 20pt;\"><em><strong>Unsere Tipps f\u00fcr Breitenbrunn und Umgebung:<\/strong><\/em><\/span><\/p>\n<div><\/div>\n<p><a href=\"https:\/\/adners.de\/files\/flyer_aktuell\/01_Adners_Gasthof_und_Hotel_Breitenbrunn_im_Erzgebirge_Ausflugsziele_Sommer_mit_Links.pdf\" target=\"_blank\" rel=\"noopener noreferrer\"><img class=\"\" src=\"https:\/\/adners.de\/files\/flyer_aktuell\/01_Adners_Gasthof_und_Hotel_Breitenbrunn_im_Erzgebirge_Ausflugsziele_Sommer_mit_Links.jpg\" alt=\"\" width=\"418\" height=\"294\" \/><\/a><\/p>\n<p><em><strong>\u00a0<\/strong><\/em><\/p>\n<p><strong>Hier finden Sie mehr\u00a0Informationen<\/strong><\/p>\n<p><strong><a href=\"http:\/\/www.freizeitbad-greifensteine.de\/\" target=\"_blank\" rel=\"noopener noreferrer\">zum Freizeitbad Geyer<\/a>\u00a0<\/strong>\u00a0\u00a0\u00a0\u00a0\u00a0\u00a0\u00a0\u00a0\u00a0\u00a0\u00a0\u00a0\u00a0\u00a0\u00a0\u00a0\u00a0\u00a0\u00a0\u00a0\u00a0\u00a0\u00a0\u00a0\u00a0\u00a0\u00a0\u00a0\u00a0\u00a0\u00a0\u00a0\u00a0\u00a0\u00a0\u00a0\u00a0\u00a0\u00a0\u00a0\u00a0\u00a0\u00a0\u00a0\u00a0\u00a0\u00a0\u00a0\u00a0\u00a0\u00a0\u00a0\u00a0\u00a0\u00a0 <a href=\"http:\/\/www.kur-schlema.de\/bad\/\" target=\"_blank\" rel=\"noopener noreferrer\"><strong>oder zum Thermalbad Schlema<\/strong><\/a><br \/>\n<a href=\"http:\/\/www.freizeitbad-greifensteine.de\/\"><img class=\"alignnone wp-image-18004 \" src=\"https:\/\/adners.de\/wp-content\/uploads\/2017\/04\/bad-freizeitbad-greifensteine_01-300x169.jpg\" alt=\"\" width=\"304\" height=\"171\" \/><\/a>\u00a0\u00a0\u00a0\u00a0\u00a0\u00a0\u00a0\u00a0\u00a0\u00a0\u00a0\u00a0\u00a0\u00a0\u00a0\u00a0\u00a0\u00a0\u00a0\u00a0\u00a0\u00a0\u00a0\u00a0\u00a0 <a href=\"http:\/\/www.kur-schlema.de\/bad\/\"><img class=\"alignnone wp-image-18042 \" src=\"https:\/\/adners.de\/wp-content\/uploads\/2017\/04\/Schlema2.jpg\" alt=\"\" width=\"237\" height=\"171\" \/><\/a><\/p>\n<p>&nbsp;<\/p>\n<p><em><strong>- jeden Mittwoch (Mai\u00a0 bis Oktober) f\u00e4hrt Sie unser Wander- und\u00a0Erlebnisbus<br \/>\n<\/strong><\/em><em>bis nach Oberwiesenthal und zur\u00fcck,\u00a0 Sie k\u00f6nnen damit auch eine Strecke\u00a0wandern o<\/em><em>der Sie steigen<br \/>\nin Rittersgr\u00fcn aus und gehen ins Freibad.....<\/em><\/p>\n<p><em>\u00a0<\/em><\/p>\n<p><em><strong>- Folgen Sie uns mit dem Wanderapp Komoot oder schauen<br \/>\n<\/strong><\/em><em>\u00a0sie selbst auf==&gt; <strong><a href=\"https:\/\/www.komoot.com\/de-de\/user\/745413738665\" target=\"_blank\" rel=\"noopener noreferrer\">www.komoot.de<\/a><\/strong><\/em><\/p>\n<p><a href=\"https:\/\/www.komoot.com\/de-de\/user\/745413738665\"><img class=\"alignnone wp-image-18822\" src=\"https:\/\/adners.de\/wp-content\/uploads\/2018\/04\/Komoot-Logo-300x145.png\" alt=\"\" width=\"163\" height=\"79\" \/><\/a><\/p>\n<p><em><strong>- das Trailcenter Rabenberg umfasst Wege mit einer Gesamtl\u00e4nge von ca. 50 km.<br \/>\n<\/strong>Davon sind ca. 50% Singletrails, die im Wesentlichen naturbelassen sind.<br \/>\nDurch die Kombination von verschiedenen Teilstrecken in den unterschiedlichen<br \/>\nRunden entsteht eine Gesamtstreckenl\u00e4nge von 75 km.<br \/>\nZus\u00e4tzliche Technik-Elemente wie Anlieger, Wellen, Kicker,<br \/>\nNorth-Shores und nat\u00fcrliche Wurzelpassagen garantieren Abwechslung und Fahrspa\u00df,<br \/>\nvon der Familie bis zum Enduro-Biker.<br \/>\nf\u00fcr mehr Infos hier klicken==&gt;<strong><a href=\"https:\/\/www.facebook.com\/TrailcenterRabenberg\" target=\"_blank\" rel=\"noopener noreferrer\">Trailcenter Rabenberg<\/a><\/strong><\/em><\/p>\n<p><em><strong>-\u00a0der\u00a0neue Abenteuerpark860 auf dem Rabenberg in Beitenbrunn<br \/>\n<\/strong>f\u00fcr mehr Infos hier klicken==&gt;<strong><a href=\"https:\/\/www.facebook.com\/Abenteuerpark860Rabenberg\" target=\"_blank\" rel=\"noopener noreferrer\">Abenteuerpark360<\/a><\/strong><\/em><\/p>\n<div><strong>- STONEMAN MIRIQUIDI - 162 KM PURE MOUNTAIN BIKE EMOTION!<\/strong><\/div>\n<div>2 L\u00e4nder +++ 9 Gipfel +++ 4.100 H\u00f6henmeter<br \/>\nDer \"Stoneman Miriquidi\" wartet auf Euch mit traumhaften Ausblicken,<br \/>\nknackigen Auf- und Abfahrten, erzgebirgischer Gastfreundschaft,<br \/>\nk\u00fchlem, tschechischem Bier und Mountainbike-Emotionen pur!<br \/>\nf\u00fcr mehr Infos hier klicken==&gt;<em><strong><a href=\"https:\/\/www.facebook.com\/StonemanMiriquidi?fref=ts\" target=\"_blank\" rel=\"noopener noreferrer\">Stoneman Miriquidi<\/a><\/strong><\/em><\/div>\n<div>\n<p>&nbsp;<\/p>\n<p>&nbsp;<\/p>\n<\/div>\n<p><em><strong>- Alle Termine von Weihnachtsm\u00e4rkten und Bergparaden im Erzgebirge<br \/>\n<\/strong><\/em><em>finden Sie hier\u00a0\u00a0\u00a0\u00a0 <a href=\"https:\/\/www.erzgebirge-tourismus.de\/weihnachtsmaerkte-und-bergparaden\/termine-der-bergparaden\/\" target=\"_blank\" rel=\"noopener noreferrer\">==&gt; Termine Bergparaden<\/a>\u00a0\u00a0\u00a0\u00a0\u00a0 <a href=\"https:\/\/www.erzgebirge-tourismus.de\/weihnachtsmaerkte-und-bergparaden\/weihnachtsmaerkte-im-erzgebirge\/\" target=\"_blank\" rel=\"noopener noreferrer\">==&gt; \u00d6ffnungszeiten Weihnachtsm\u00e4rkte<\/a><\/em><em><strong><br \/>\n<\/strong><\/em><\/p>\n<p>oder hier als ==&gt; DOWNLOAD PDF Weihnachtsm\u00e4rkte und Bergparaden<\/p>\n<p>&nbsp;<\/p>\n<p><strong>Skigebiete und Wintersportberichte:<\/strong><\/p>\n<p>Viele Informationen zum Wintersport im Erzgebirge ==&gt;<a href=\"https:\/\/www.wintersport-im-erzgebirge.de\" target=\"_blank\" rel=\"noopener noreferrer\">Winterspot im Erzgebirge<\/a><\/p>\n<p>Breitenbrunn \u00a0 \u00a0\u00a0 ==&gt; <a href=\"https:\/\/www.breitenbrunn-erzgebirge.de\/de\/wintersportbericht\/loipen-wintersportbericht.html\" target=\"_blank\" rel=\"noopener noreferrer\">Wintersportbericht<\/a>\u00a0\u00a0\u00a0 ==&gt; <a href=\"https:\/\/www.wintersport-im-erzgebirge.de\/langlauf\/zentralerzgebirge\/breitenbrunn.html\" target=\"_blank\" rel=\"noopener noreferrer\">Loipenplan<\/a><\/p>\n<p>Tag aktuell gespurte Loipen ==&gt; <a href=\"http:\/\/gis.kr-karlovarsky.cz\/klm\/de\/\" target=\"_blank\" rel=\"noopener noreferrer\">in Breitenbrunn und Umgebung<\/a><\/p>\n<p>Oberwiesenthal\u00a0 ==&gt; <a href=\"https:\/\/www.fichtelberg-ski.de\/\" target=\"_blank\" rel=\"noopener noreferrer\">Aktuelles zum Fichtelberg<\/a> \u00a0 \u00a0 \u00a0 ==&gt; <a href=\"https:\/\/www.wintersport-im-erzgebirge.de\/langlauf\/zentralerzgebirge\/oberwiesenthal.html\" target=\"_blank\" rel=\"noopener noreferrer\">Loipenplan<\/a><\/p>\n<p>InterSkiregion Oberwiesenthal und Keilberg \u00a0\u00a0\u00a0\u00a0\u00a0\u00a0\u00a0\u00a0\u00a0 \u00a0 ==&gt; <a href=\"http:\/\/interskiregion.com\/de\/\" target=\"_blank\" rel=\"noopener noreferrer\">InterSkiregion<\/a><\/p>\n<p>Eibenstock\u00a0\u00a0\u00a0\u00a0\u00a0\u00a0\u00a0\u00a0 ==&gt; <a href=\"https:\/\/winter.wurzelrudis-erlebniswelt.de\/\" target=\"_blank\" rel=\"noopener noreferrer\">Aktuelles zum Winterport in Eibenstock<\/a><\/p>\n<p>Potucki\u00a0\u00a0\u00a0\u00a0\u00a0\u00a0\u00a0\u00a0\u00a0\u00a0\u00a0\u00a0\u00a0\u00a0\u00a0\u00a0 ==&gt; <a href=\"http:\/\/www.skipot.cz\/de\/\" target=\"_blank\" rel=\"noopener noreferrer\">Aktuelles zum Wintersport in Potucki<\/a><\/p>\n<p>Plesivec\u00a0\u00a0\u00a0\u00a0\u00a0\u00a0\u00a0\u00a0\u00a0\u00a0\u00a0 \u00a0\u00a0 ==&gt; <a href=\"https:\/\/skiarealplesivec.com\/de\" target=\"_blank\" rel=\"noopener noreferrer\">Aktuelles zum Wintersport am Plessberg<\/a><\/p>\n<p>&nbsp;<\/p>\n<p><em><strong>- im Januar und Februar f\u00e4hrt Sie unserer Skibus bis nach Oberwiesenthal,<br \/>\n<\/strong><\/em><em>dort geht es dann von der Talstation wenn Sie wollen hinauf auf den Berg,<br \/>\noder Sie nutzen Ihn zum Einstieg in die Loipenwelt am Fichtelberg oder in Tellerh\u00e4user!<\/em><\/p>\n<\/div><\/div><\/div><\/div><\/section>","protected":false},"excerpt":{"rendered":"<p>WellnesswochenAngebote im M\u00e4rz und April Genie\u00dfen Sie unsere Schnuppern\u00e4chte oder unser Fr\u00fchlingsangebot und buchen Sie sich individuell nach Ihren Bed\u00fcrfnissen eines unser Zusatzpakete hinzu. \u00dcber Ostern verw\u00f6hnen wir Sie mit einem umfangreichen Osterspecial welches keine W\u00fcnsche offen l\u00e4sst. LASTMINUTE ANGEBOTE Lastminute und Fr\u00fchlingsspecials mit 1 Gratis Urlaubstag f\u00fcr Sie! 7 N\u00e4chte zum Preis von 6 [&hellip;]<\/p>\n","protected":false},"author":2,"featured_media":0,"parent":0,"menu_order":0,"comment_status":"closed","ping_status":"closed","template":"","meta":[],"_links":{"self":[{"href":"https:\/\/adners.de\/index.php?rest_route=\/wp\/v2\/pages\/18202"}],"collection":[{"href":"https:\/\/adners.de\/index.php?rest_route=\/wp\/v2\/pages"}],"about":[{"href":"https:\/\/adners.de\/index.php?rest_route=\/wp\/v2\/types\/page"}],"author":[{"embeddable":true,"href":"https:\/\/adners.de\/index.php?rest_route=\/wp\/v2\/users\/2"}],"replies":[{"embeddable":true,"href":"https:\/\/adners.de\/index.php?rest_route=%2Fwp%2Fv2%2Fcomments&post=18202"}],"version-history":[{"count":113,"href":"https:\/\/adners.de\/index.php?rest_route=\/wp\/v2\/pages\/18202\/revisions"}],"predecessor-version":[{"id":21321,"href":"https:\/\/adners.de\/index.php?rest_route=\/wp\/v2\/pages\/18202\/revisions\/21321"}],"wp:attachment":[{"href":"https:\/\/adners.de\/index.php?rest_route=%2Fwp%2Fv2%2Fmedia&parent=18202"}],"curies":[{"name":"wp","href":"https:\/\/api.w.org\/{rel}","templated":true}]}}